{"id":1278,"date":"2025-07-18T19:24:17","date_gmt":"2025-07-18T17:24:17","guid":{"rendered":"https:\/\/www.haus-elisabeth-bohmte.de\/ambulante-assistenz\/?page_id=1278"},"modified":"2025-07-19T09:56:25","modified_gmt":"2025-07-19T07:56:25","slug":"ziele-und-angebote-der-ambulanten-assistenz","status":"publish","type":"page","link":"https:\/\/www.haus-elisabeth-bohmte.de\/ambulante-assistenz\/ziele-und-angebote-der-ambulanten-assistenz\/","title":{"rendered":"Ziele und Angebote der Ambulanten Assistenz"},"content":{"rendered":"\n<div class=\"wp-block-cover alignfull is-light uag-hide-mob\" style=\"margin-bottom:var(--wp--preset--spacing--60);min-height:400px;aspect-ratio:unset;\"><img loading=\"lazy\" decoding=\"async\" width=\"1400\" height=\"600\" class=\"wp-block-cover__image-background wp-image-1253 size-full\" alt=\"Marienk\u00e4fer sitzt auf einem d\u00fcnnen Grashalm mit unscharfem gr\u00fcnem Hintergrund\" src=\"https:\/\/www.haus-elisabeth-bohmte.de\/ambulante-assistenz\/wp-content\/uploads\/sites\/3\/2023\/05\/AmbulanteAssistenz-Bild03.jpg\" data-object-fit=\"cover\" srcset=\"https:\/\/www.haus-elisabeth-bohmte.de\/ambulante-assistenz\/wp-content\/uploads\/sites\/3\/2023\/05\/AmbulanteAssistenz-Bild03.jpg 1400w, https:\/\/www.haus-elisabeth-bohmte.de\/ambulante-assistenz\/wp-content\/uploads\/sites\/3\/2023\/05\/AmbulanteAssistenz-Bild03-300x129.jpg 300w, https:\/\/www.haus-elisabeth-bohmte.de\/ambulante-assistenz\/wp-content\/uploads\/sites\/3\/2023\/05\/AmbulanteAssistenz-Bild03-1030x441.jpg 1030w, https:\/\/www.haus-elisabeth-bohmte.de\/ambulante-assistenz\/wp-content\/uploads\/sites\/3\/2023\/05\/AmbulanteAssistenz-Bild03-768x329.jpg 768w, https:\/\/www.haus-elisabeth-bohmte.de\/ambulante-assistenz\/wp-content\/uploads\/sites\/3\/2023\/05\/AmbulanteAssistenz-Bild03-705x302.jpg 705w\" sizes=\"auto, (max-width: 1400px) 100vw, 1400px\" \/><span aria-hidden=\"true\" class=\"wp-block-cover__background has-background-dim-0 has-background-dim\"><\/span><div class=\"wp-block-cover__inner-container is-layout-flow wp-block-cover-is-layout-flow\">\n<p><\/p>\n\n\n\n<div class=\"wp-block-uagb-container uagb-block-bf260d58 alignfull uagb-is-root-container\"><div class=\"uagb-container-inner-blocks-wrap\"><\/div><\/div>\n<\/div><\/div>\n\n\n\n<div class=\"wp-block-cover alignfull is-light uag-hide-desktop uag-hide-tab\" style=\"margin-bottom:var(--wp--preset--spacing--50);min-height:150px;aspect-ratio:unset;\"><img loading=\"lazy\" decoding=\"async\" width=\"1400\" height=\"600\" class=\"wp-block-cover__image-background wp-image-1253 size-full\" alt=\"Marienk\u00e4fer sitzt auf einem d\u00fcnnen Grashalm mit unscharfem gr\u00fcnem Hintergrund\" src=\"https:\/\/www.haus-elisabeth-bohmte.de\/ambulante-assistenz\/wp-content\/uploads\/sites\/3\/2023\/05\/AmbulanteAssistenz-Bild03.jpg\" data-object-fit=\"cover\" srcset=\"https:\/\/www.haus-elisabeth-bohmte.de\/ambulante-assistenz\/wp-content\/uploads\/sites\/3\/2023\/05\/AmbulanteAssistenz-Bild03.jpg 1400w, https:\/\/www.haus-elisabeth-bohmte.de\/ambulante-assistenz\/wp-content\/uploads\/sites\/3\/2023\/05\/AmbulanteAssistenz-Bild03-300x129.jpg 300w, https:\/\/www.haus-elisabeth-bohmte.de\/ambulante-assistenz\/wp-content\/uploads\/sites\/3\/2023\/05\/AmbulanteAssistenz-Bild03-1030x441.jpg 1030w, https:\/\/www.haus-elisabeth-bohmte.de\/ambulante-assistenz\/wp-content\/uploads\/sites\/3\/2023\/05\/AmbulanteAssistenz-Bild03-768x329.jpg 768w, https:\/\/www.haus-elisabeth-bohmte.de\/ambulante-assistenz\/wp-content\/uploads\/sites\/3\/2023\/05\/AmbulanteAssistenz-Bild03-705x302.jpg 705w\" sizes=\"auto, (max-width: 1400px) 100vw, 1400px\" \/><span aria-hidden=\"true\" class=\"wp-block-cover__background has-background-dim-0 has-background-dim\"><\/span><div class=\"wp-block-cover__inner-container is-layout-flow wp-block-cover-is-layout-flow\">\n<p><\/p>\n<\/div><\/div>\n\n\n\n<h1 class=\"wp-block-heading\"><strong>Ambulante Assistenz f\u00fcr Menschen mit psychischen Erkrankungen<\/strong><\/h1>\n\n\n\n<p>Die Ambulante Assistenz hilft den Menschen dabei, besser mit Problemen im Alltag umzugehen. Das passiert durch Motivation und gezieltes Training. So k\u00f6nnen die Menschen lernen, die n\u00f6tige Hilfe anzunehmen und selbstst\u00e4ndig zu nutzen.<\/p>\n\n\n\n<h2 class=\"wp-block-heading\">Was ist Ambulante Assistenz?<\/h2>\n\n\n\n<p>Ambulante Assistenz bedeutet: Unterst\u00fctzung und Begleitung f\u00fcr Menschen mit seelischer Behinderung. Dabei arbeiten wir gemeinsam an klaren Zielen.<\/p>\n\n\n\n<p>Die Hilfe findet meistens im Alltag und im Umfeld der Menschen statt.<\/p>\n\n\n\n<p>Ambulante Assistenz hilft den Menschen, sich selbst besser zu verstehen. Dabei wird die Aufmerksamkeit, das Einf\u00fchlungsverm\u00f6gen, die Initiative und der Umgang mit anderen Menschen verbessert.<\/p>\n\n\n\n<p>F\u00fcr wen ist die Ambulante Assistenz?<\/p>\n\n\n\n<ul class=\"wp-block-list\">\n<li>F\u00fcr Menschen mit seelischen Behinderungen, die Hilfe brauchen, um selbstst\u00e4ndig leben zu k\u00f6nnen (nach \u00a7 53 SGB XII)<\/li>\n\n\n\n<li>F\u00fcr Menschen, bei denen eine Einweisung in ein Krankenhaus oder eine Klinik vermieden oder ersetzt werden kann<\/li>\n<\/ul>\n\n\n\n<h2 class=\"wp-block-heading\"><strong>Unsere Ziele und Angebote<\/strong><\/h2>\n\n\n\n<p>Wir richten uns nach dem, was jede Person ganz individuell braucht. Unsere Hilfe kann zum Beispiel so aussehen:<\/p>\n\n\n\n<ul class=\"wp-block-list\">\n<li>Koordination von Angeboten f\u00fcr Arbeit und Besch\u00e4ftigung<\/li>\n\n\n\n<li>Unterst\u00fctzung, um eine Wohnung zu finden oder zu behalten<\/li>\n\n\n\n<li>Hilfe in verschiedenen Lebensbereichen, zum Beispiel Begleitung zu \u00c4rzten, Beh\u00f6rden, Freizeitangeboten oder Veranstaltungen<\/li>\n\n\n\n<li>Hilfe im Haushalt und beim Einkaufen<\/li>\n\n\n\n<li>Unterst\u00fctzung, damit der Alltag und die Freizeit gut gestaltet werden k\u00f6nnen<\/li>\n\n\n\n<li>Hilfe, damit soziale Kontakte aufgebaut und erhalten werden<\/li>\n<\/ul>\n","protected":false},"excerpt":{"rendered":"<p>Ambulante Assistenz f\u00fcr Menschen mit psychischen Erkrankungen Die Ambulante Assistenz hilft den Menschen dabei, besser mit Problemen im Alltag umzugehen. [&hellip;]<\/p>\n","protected":false},"author":1,"featured_media":1252,"parent":0,"menu_order":0,"comment_status":"closed","ping_status":"closed","template":"","meta":{"_uag_custom_page_level_css":"","site-sidebar-layout":"default","site-content-layout":"","ast-site-content-layout":"default","site-content-style":"default","site-sidebar-style":"default","ast-global-header-display":"","ast-banner-title-visibility":"","ast-main-header-display":"","ast-hfb-above-header-display":"","ast-hfb-below-header-display":"","ast-hfb-mobile-header-display":"","site-post-title":"disabled","ast-breadcrumbs-content":"","ast-featured-img":"disabled","footer-sml-layout":"","theme-transparent-header-meta":"","adv-header-id-meta":"","stick-header-meta":"","header-above-stick-meta":"","header-main-stick-meta":"","header-below-stick-meta":"","astra-migrate-meta-layouts":"default","ast-page-background-enabled":"default","ast-page-background-meta":{"desktop":{"background-color":"var(--ast-global-color-5)","background-image":"","background-repeat":"repeat","background-position":"center center","background-size":"auto","background-attachment":"scroll","background-type":"","background-media":"","overlay-type":"","overlay-color":"","overlay-opacity":"","overlay-gradient":""},"tablet":{"background-color":"","background-image":"","background-repeat":"repeat","background-position":"center center","background-size":"auto","background-attachment":"scroll","background-type":"","background-media":"","overlay-type":"","overlay-color":"","overlay-opacity":"","overlay-gradient":""},"mobile":{"background-color":"","background-image":"","background-repeat":"repeat","background-position":"center center","background-size":"auto","background-attachment":"scroll","background-type":"","background-media":"","overlay-type":"","overlay-color":"","overlay-opacity":"","overlay-gradient":""}},"ast-content-background-meta":{"desktop":{"background-color":"var(--ast-global-color-4)","background-image":"","background-repeat":"repeat","background-position":"center center","background-size":"auto","background-attachment":"scroll","background-type":"","background-media":"","overlay-type":"","overlay-color":"","overlay-opacity":"","overlay-gradient":""},"tablet":{"background-color":"var(--ast-global-color-4)","background-image":"","background-repeat":"repeat","background-position":"center center","background-size":"auto","background-attachment":"scroll","background-type":"","background-media":"","overlay-type":"","overlay-color":"","overlay-opacity":"","overlay-gradient":""},"mobile":{"background-color":"var(--ast-global-color-4)","background-image":"","background-repeat":"repeat","background-position":"center center","background-size":"auto","background-attachment":"scroll","background-type":"","background-media":"","overlay-type":"","overlay-color":"","overlay-opacity":"","overlay-gradient":""}},"footnotes":""},"class_list":["post-1278","page","type-page","status-publish","has-post-thumbnail","hentry"],"yoast_head":"<!-- This site is optimized with the Yoast SEO plugin v25.6 - https:\/\/yoast.com\/wordpress\/plugins\/seo\/ -->\n<title>Ziele und Angebote der Ambulanten Assistenz - Ambulante Assistenz im Haus Elisabeth f\u00fcr Menschen mit seelischer Behinderung<\/title>\n<meta name=\"robots\" content=\"index, follow, max-snippet:-1, max-image-preview:large, max-video-preview:-1\" \/>\n<link rel=\"canonical\" href=\"https:\/\/www.haus-elisabeth-bohmte.de\/ambulante-assistenz\/ziele-und-angebote-der-ambulanten-assistenz\/\" \/>\n<meta property=\"og:locale\" content=\"de_DE\" \/>\n<meta property=\"og:type\" content=\"article\" \/>\n<meta property=\"og:title\" content=\"Ziele und Angebote der Ambulanten Assistenz - Ambulante Assistenz im Haus Elisabeth f\u00fcr Menschen mit seelischer Behinderung\" \/>\n<meta property=\"og:description\" content=\"Ambulante Assistenz f\u00fcr Menschen mit psychischen Erkrankungen Die Ambulante Assistenz hilft den Menschen dabei, besser mit Problemen im Alltag umzugehen. [&hellip;]\" \/>\n<meta property=\"og:url\" content=\"https:\/\/www.haus-elisabeth-bohmte.de\/ambulante-assistenz\/ziele-und-angebote-der-ambulanten-assistenz\/\" \/>\n<meta property=\"og:site_name\" content=\"Ambulante Assistenz im Haus Elisabeth f\u00fcr Menschen mit seelischer Behinderung\" \/>\n<meta property=\"article:modified_time\" content=\"2025-07-19T07:56:25+00:00\" \/>\n<meta property=\"og:image\" content=\"https:\/\/www.haus-elisabeth-bohmte.de\/ambulante-assistenz\/wp-content\/uploads\/sites\/3\/2023\/05\/AmbulanteAssistenz-Bild02.jpg\" \/>\n\t<meta property=\"og:image:width\" content=\"1400\" \/>\n\t<meta property=\"og:image:height\" content=\"600\" \/>\n\t<meta property=\"og:image:type\" content=\"image\/jpeg\" \/>\n<meta name=\"twitter:card\" content=\"summary_large_image\" \/>\n<meta name=\"twitter:label1\" content=\"Gesch\u00e4tzte Lesezeit\" \/>\n\t<meta name=\"twitter:data1\" content=\"2\u00a0Minuten\" \/>\n<script type=\"application\/ld+json\" class=\"yoast-schema-graph\">{\"@context\":\"https:\/\/schema.org\",\"@graph\":[{\"@type\":\"WebPage\",\"@id\":\"https:\/\/www.haus-elisabeth-bohmte.de\/ambulante-assistenz\/ziele-und-angebote-der-ambulanten-assistenz\/\",\"url\":\"https:\/\/www.haus-elisabeth-bohmte.de\/ambulante-assistenz\/ziele-und-angebote-der-ambulanten-assistenz\/\",\"name\":\"Ziele und Angebote der Ambulanten Assistenz - Ambulante Assistenz im Haus Elisabeth f\u00fcr Menschen mit seelischer Behinderung\",\"isPartOf\":{\"@id\":\"https:\/\/www.haus-elisabeth-bohmte.de\/ambulante-assistenz\/#website\"},\"primaryImageOfPage\":{\"@id\":\"https:\/\/www.haus-elisabeth-bohmte.de\/ambulante-assistenz\/ziele-und-angebote-der-ambulanten-assistenz\/#primaryimage\"},\"image\":{\"@id\":\"https:\/\/www.haus-elisabeth-bohmte.de\/ambulante-assistenz\/ziele-und-angebote-der-ambulanten-assistenz\/#primaryimage\"},\"thumbnailUrl\":\"https:\/\/www.haus-elisabeth-bohmte.de\/ambulante-assistenz\/wp-content\/uploads\/sites\/3\/2023\/05\/AmbulanteAssistenz-Bild02.jpg\",\"datePublished\":\"2025-07-18T17:24:17+00:00\",\"dateModified\":\"2025-07-19T07:56:25+00:00\",\"breadcrumb\":{\"@id\":\"https:\/\/www.haus-elisabeth-bohmte.de\/ambulante-assistenz\/ziele-und-angebote-der-ambulanten-assistenz\/#breadcrumb\"},\"inLanguage\":\"de\",\"potentialAction\":[{\"@type\":\"ReadAction\",\"target\":[\"https:\/\/www.haus-elisabeth-bohmte.de\/ambulante-assistenz\/ziele-und-angebote-der-ambulanten-assistenz\/\"]}]},{\"@type\":\"ImageObject\",\"inLanguage\":\"de\",\"@id\":\"https:\/\/www.haus-elisabeth-bohmte.de\/ambulante-assistenz\/ziele-und-angebote-der-ambulanten-assistenz\/#primaryimage\",\"url\":\"https:\/\/www.haus-elisabeth-bohmte.de\/ambulante-assistenz\/wp-content\/uploads\/sites\/3\/2023\/05\/AmbulanteAssistenz-Bild02.jpg\",\"contentUrl\":\"https:\/\/www.haus-elisabeth-bohmte.de\/ambulante-assistenz\/wp-content\/uploads\/sites\/3\/2023\/05\/AmbulanteAssistenz-Bild02.jpg\",\"width\":1400,\"height\":600,\"caption\":\"Holzschild mit der Aufschrift 'Welcome' vor gr\u00fcnem Laub und wei\u00dfen Bl\u00fcten\"},{\"@type\":\"BreadcrumbList\",\"@id\":\"https:\/\/www.haus-elisabeth-bohmte.de\/ambulante-assistenz\/ziele-und-angebote-der-ambulanten-assistenz\/#breadcrumb\",\"itemListElement\":[{\"@type\":\"ListItem\",\"position\":1,\"name\":\"Startseite\",\"item\":\"https:\/\/www.haus-elisabeth-bohmte.de\/ambulante-assistenz\/\"},{\"@type\":\"ListItem\",\"position\":2,\"name\":\"Ziele und Angebote der Ambulanten Assistenz\"}]},{\"@type\":\"WebSite\",\"@id\":\"https:\/\/www.haus-elisabeth-bohmte.de\/ambulante-assistenz\/#website\",\"url\":\"https:\/\/www.haus-elisabeth-bohmte.de\/ambulante-assistenz\/\",\"name\":\"Ambulante Assistenz im Haus Elisabeth f\u00fcr Menschen mit seelischer Behinderung\",\"description\":\"Eine weitere Haus Elisabeth - Seniorenzentrum Bohmte Websites Website\",\"publisher\":{\"@id\":\"https:\/\/www.haus-elisabeth-bohmte.de\/ambulante-assistenz\/#organization\"},\"potentialAction\":[{\"@type\":\"SearchAction\",\"target\":{\"@type\":\"EntryPoint\",\"urlTemplate\":\"https:\/\/www.haus-elisabeth-bohmte.de\/ambulante-assistenz\/?s={search_term_string}\"},\"query-input\":{\"@type\":\"PropertyValueSpecification\",\"valueRequired\":true,\"valueName\":\"search_term_string\"}}],\"inLanguage\":\"de\"},{\"@type\":\"Organization\",\"@id\":\"https:\/\/www.haus-elisabeth-bohmte.de\/ambulante-assistenz\/#organization\",\"name\":\"Ambulante Assistenz im Haus Elisabeth f\u00fcr Menschen mit seelischer Behinderung\",\"url\":\"https:\/\/www.haus-elisabeth-bohmte.de\/ambulante-assistenz\/\",\"logo\":{\"@type\":\"ImageObject\",\"inLanguage\":\"de\",\"@id\":\"https:\/\/www.haus-elisabeth-bohmte.de\/ambulante-assistenz\/#\/schema\/logo\/image\/\",\"url\":\"https:\/\/www.haus-elisabeth-bohmte.de\/ambulante-assistenz\/wp-content\/uploads\/sites\/3\/2023\/05\/FooterLogo_AmbAss-Bohmte19.png\",\"contentUrl\":\"https:\/\/www.haus-elisabeth-bohmte.de\/ambulante-assistenz\/wp-content\/uploads\/sites\/3\/2023\/05\/FooterLogo_AmbAss-Bohmte19.png\",\"width\":300,\"height\":152,\"caption\":\"Ambulante Assistenz im Haus Elisabeth f\u00fcr Menschen mit seelischer Behinderung\"},\"image\":{\"@id\":\"https:\/\/www.haus-elisabeth-bohmte.de\/ambulante-assistenz\/#\/schema\/logo\/image\/\"}}]}<\/script>\n<!-- \/ Yoast SEO plugin. -->","yoast_head_json":{"title":"Ziele und Angebote der Ambulanten Assistenz - Ambulante Assistenz im Haus Elisabeth f\u00fcr Menschen mit seelischer Behinderung","robots":{"index":"index","follow":"follow","max-snippet":"max-snippet:-1","max-image-preview":"max-image-preview:large","max-video-preview":"max-video-preview:-1"},"canonical":"https:\/\/www.haus-elisabeth-bohmte.de\/ambulante-assistenz\/ziele-und-angebote-der-ambulanten-assistenz\/","og_locale":"de_DE","og_type":"article","og_title":"Ziele und Angebote der Ambulanten Assistenz - Ambulante Assistenz im Haus Elisabeth f\u00fcr Menschen mit seelischer Behinderung","og_description":"Ambulante Assistenz f\u00fcr Menschen mit psychischen Erkrankungen Die Ambulante Assistenz hilft den Menschen dabei, besser mit Problemen im Alltag umzugehen. [&hellip;]","og_url":"https:\/\/www.haus-elisabeth-bohmte.de\/ambulante-assistenz\/ziele-und-angebote-der-ambulanten-assistenz\/","og_site_name":"Ambulante Assistenz im Haus Elisabeth f\u00fcr Menschen mit seelischer Behinderung","article_modified_time":"2025-07-19T07:56:25+00:00","og_image":[{"width":1400,"height":600,"url":"https:\/\/www.haus-elisabeth-bohmte.de\/ambulante-assistenz\/wp-content\/uploads\/sites\/3\/2023\/05\/AmbulanteAssistenz-Bild02.jpg","type":"image\/jpeg"}],"twitter_card":"summary_large_image","twitter_misc":{"Gesch\u00e4tzte Lesezeit":"2\u00a0Minuten"},"schema":{"@context":"https:\/\/schema.org","@graph":[{"@type":"WebPage","@id":"https:\/\/www.haus-elisabeth-bohmte.de\/ambulante-assistenz\/ziele-und-angebote-der-ambulanten-assistenz\/","url":"https:\/\/www.haus-elisabeth-bohmte.de\/ambulante-assistenz\/ziele-und-angebote-der-ambulanten-assistenz\/","name":"Ziele und Angebote der Ambulanten Assistenz - Ambulante Assistenz im Haus Elisabeth f\u00fcr Menschen mit seelischer Behinderung","isPartOf":{"@id":"https:\/\/www.haus-elisabeth-bohmte.de\/ambulante-assistenz\/#website"},"primaryImageOfPage":{"@id":"https:\/\/www.haus-elisabeth-bohmte.de\/ambulante-assistenz\/ziele-und-angebote-der-ambulanten-assistenz\/#primaryimage"},"image":{"@id":"https:\/\/www.haus-elisabeth-bohmte.de\/ambulante-assistenz\/ziele-und-angebote-der-ambulanten-assistenz\/#primaryimage"},"thumbnailUrl":"https:\/\/www.haus-elisabeth-bohmte.de\/ambulante-assistenz\/wp-content\/uploads\/sites\/3\/2023\/05\/AmbulanteAssistenz-Bild02.jpg","datePublished":"2025-07-18T17:24:17+00:00","dateModified":"2025-07-19T07:56:25+00:00","breadcrumb":{"@id":"https:\/\/www.haus-elisabeth-bohmte.de\/ambulante-assistenz\/ziele-und-angebote-der-ambulanten-assistenz\/#breadcrumb"},"inLanguage":"de","potentialAction":[{"@type":"ReadAction","target":["https:\/\/www.haus-elisabeth-bohmte.de\/ambulante-assistenz\/ziele-und-angebote-der-ambulanten-assistenz\/"]}]},{"@type":"ImageObject","inLanguage":"de","@id":"https:\/\/www.haus-elisabeth-bohmte.de\/ambulante-assistenz\/ziele-und-angebote-der-ambulanten-assistenz\/#primaryimage","url":"https:\/\/www.haus-elisabeth-bohmte.de\/ambulante-assistenz\/wp-content\/uploads\/sites\/3\/2023\/05\/AmbulanteAssistenz-Bild02.jpg","contentUrl":"https:\/\/www.haus-elisabeth-bohmte.de\/ambulante-assistenz\/wp-content\/uploads\/sites\/3\/2023\/05\/AmbulanteAssistenz-Bild02.jpg","width":1400,"height":600,"caption":"Holzschild mit der Aufschrift 'Welcome' vor gr\u00fcnem Laub und wei\u00dfen Bl\u00fcten"},{"@type":"BreadcrumbList","@id":"https:\/\/www.haus-elisabeth-bohmte.de\/ambulante-assistenz\/ziele-und-angebote-der-ambulanten-assistenz\/#breadcrumb","itemListElement":[{"@type":"ListItem","position":1,"name":"Startseite","item":"https:\/\/www.haus-elisabeth-bohmte.de\/ambulante-assistenz\/"},{"@type":"ListItem","position":2,"name":"Ziele und Angebote der Ambulanten Assistenz"}]},{"@type":"WebSite","@id":"https:\/\/www.haus-elisabeth-bohmte.de\/ambulante-assistenz\/#website","url":"https:\/\/www.haus-elisabeth-bohmte.de\/ambulante-assistenz\/","name":"Ambulante Assistenz im Haus Elisabeth f\u00fcr Menschen mit seelischer Behinderung","description":"Eine weitere Haus Elisabeth - Seniorenzentrum Bohmte Websites Website","publisher":{"@id":"https:\/\/www.haus-elisabeth-bohmte.de\/ambulante-assistenz\/#organization"},"potentialAction":[{"@type":"SearchAction","target":{"@type":"EntryPoint","urlTemplate":"https:\/\/www.haus-elisabeth-bohmte.de\/ambulante-assistenz\/?s={search_term_string}"},"query-input":{"@type":"PropertyValueSpecification","valueRequired":true,"valueName":"search_term_string"}}],"inLanguage":"de"},{"@type":"Organization","@id":"https:\/\/www.haus-elisabeth-bohmte.de\/ambulante-assistenz\/#organization","name":"Ambulante Assistenz im Haus Elisabeth f\u00fcr Menschen mit seelischer Behinderung","url":"https:\/\/www.haus-elisabeth-bohmte.de\/ambulante-assistenz\/","logo":{"@type":"ImageObject","inLanguage":"de","@id":"https:\/\/www.haus-elisabeth-bohmte.de\/ambulante-assistenz\/#\/schema\/logo\/image\/","url":"https:\/\/www.haus-elisabeth-bohmte.de\/ambulante-assistenz\/wp-content\/uploads\/sites\/3\/2023\/05\/FooterLogo_AmbAss-Bohmte19.png","contentUrl":"https:\/\/www.haus-elisabeth-bohmte.de\/ambulante-assistenz\/wp-content\/uploads\/sites\/3\/2023\/05\/FooterLogo_AmbAss-Bohmte19.png","width":300,"height":152,"caption":"Ambulante Assistenz im Haus Elisabeth f\u00fcr Menschen mit seelischer Behinderung"},"image":{"@id":"https:\/\/www.haus-elisabeth-bohmte.de\/ambulante-assistenz\/#\/schema\/logo\/image\/"}}]}},"uagb_featured_image_src":{"full":["https:\/\/www.haus-elisabeth-bohmte.de\/ambulante-assistenz\/wp-content\/uploads\/sites\/3\/2023\/05\/AmbulanteAssistenz-Bild02.jpg",1400,600,false],"thumbnail":["https:\/\/www.haus-elisabeth-bohmte.de\/ambulante-assistenz\/wp-content\/uploads\/sites\/3\/2023\/05\/AmbulanteAssistenz-Bild02-80x80.jpg",80,80,true],"medium":["https:\/\/www.haus-elisabeth-bohmte.de\/ambulante-assistenz\/wp-content\/uploads\/sites\/3\/2023\/05\/AmbulanteAssistenz-Bild02-300x129.jpg",300,129,true],"medium_large":["https:\/\/www.haus-elisabeth-bohmte.de\/ambulante-assistenz\/wp-content\/uploads\/sites\/3\/2023\/05\/AmbulanteAssistenz-Bild02-768x329.jpg",768,329,true],"large":["https:\/\/www.haus-elisabeth-bohmte.de\/ambulante-assistenz\/wp-content\/uploads\/sites\/3\/2023\/05\/AmbulanteAssistenz-Bild02-1030x441.jpg",1030,441,true],"1536x1536":["https:\/\/www.haus-elisabeth-bohmte.de\/ambulante-assistenz\/wp-content\/uploads\/sites\/3\/2023\/05\/AmbulanteAssistenz-Bild02.jpg",1400,600,false],"2048x2048":["https:\/\/www.haus-elisabeth-bohmte.de\/ambulante-assistenz\/wp-content\/uploads\/sites\/3\/2023\/05\/AmbulanteAssistenz-Bild02.jpg",1400,600,false]},"uagb_author_info":{"display_name":"admin","author_link":"https:\/\/www.haus-elisabeth-bohmte.de\/ambulante-assistenz\/author\/admin\/"},"uagb_comment_info":0,"uagb_excerpt":"Ambulante Assistenz f\u00fcr Menschen mit psychischen Erkrankungen Die Ambulante Assistenz hilft den Menschen dabei, besser mit Problemen im Alltag umzugehen. [&hellip;]","_links":{"self":[{"href":"https:\/\/www.haus-elisabeth-bohmte.de\/ambulante-assistenz\/wp-json\/wp\/v2\/pages\/1278","targetHints":{"allow":["GET"]}}],"collection":[{"href":"https:\/\/www.haus-elisabeth-bohmte.de\/ambulante-assistenz\/wp-json\/wp\/v2\/pages"}],"about":[{"href":"https:\/\/www.haus-elisabeth-bohmte.de\/ambulante-assistenz\/wp-json\/wp\/v2\/types\/page"}],"author":[{"embeddable":true,"href":"https:\/\/www.haus-elisabeth-bohmte.de\/ambulante-assistenz\/wp-json\/wp\/v2\/users\/1"}],"replies":[{"embeddable":true,"href":"https:\/\/www.haus-elisabeth-bohmte.de\/ambulante-assistenz\/wp-json\/wp\/v2\/comments?post=1278"}],"version-history":[{"count":4,"href":"https:\/\/www.haus-elisabeth-bohmte.de\/ambulante-assistenz\/wp-json\/wp\/v2\/pages\/1278\/revisions"}],"predecessor-version":[{"id":1321,"href":"https:\/\/www.haus-elisabeth-bohmte.de\/ambulante-assistenz\/wp-json\/wp\/v2\/pages\/1278\/revisions\/1321"}],"wp:featuredmedia":[{"embeddable":true,"href":"https:\/\/www.haus-elisabeth-bohmte.de\/ambulante-assistenz\/wp-json\/wp\/v2\/media\/1252"}],"wp:attachment":[{"href":"https:\/\/www.haus-elisabeth-bohmte.de\/ambulante-assistenz\/wp-json\/wp\/v2\/media?parent=1278"}],"curies":[{"name":"wp","href":"https:\/\/api.w.org\/{rel}","templated":true}]}}